{"id":1965,"date":"2020-12-21T13:56:01","date_gmt":"2020-12-21T11:56:01","guid":{"rendered":"https:\/\/museu.pdm.cat\/?page_id=1965"},"modified":"2021-02-23T08:41:57","modified_gmt":"2021-02-23T06:41:57","slug":"historia-del-edificio-fabrica-del-gas","status":"publish","type":"page","link":"https:\/\/museuestampacio.pdm.cat\/es\/historia-del-edificio-fabrica-del-gas\/","title":{"rendered":"Historia del edificio (F\u00e0brica del Gas)"},"content":{"rendered":"\t\t<div data-elementor-type=\"wp-page\" data-elementor-id=\"1965\" class=\"elementor elementor-1965 elementor-85\" data-elementor-post-type=\"page\">\n\t\t\t\t\t\t<section class=\"elementor-section elementor-top-section elementor-element elementor-element-62ea1031 elementor-section-height-min-height elementor-section-items-bottom elementor-section-boxed elementor-section-height-default elementor-invisible\" data-id=\"62ea1031\" data-element_type=\"section\" data-e-type=\"section\" data-settings=\"{&quot;background_background&quot;:&quot;classic&quot;,&quot;animation&quot;:&quot;fadeInDown&quot;}\">\n\t\t\t\t\t\t<div class=\"elementor-container elementor-column-gap-default\">\n\t\t\t\t\t<div class=\"elementor-column elementor-col-100 elementor-top-column elementor-element elementor-element-60c310d4\" data-id=\"60c310d4\" data-element_type=\"column\" data-e-type=\"column\">\n\t\t\t<div class=\"elementor-widget-wrap elementor-element-populated\">\n\t\t\t\t\t\t\t<\/div>\n\t\t<\/div>\n\t\t\t\t\t<\/div>\n\t\t<\/section>\n\t\t\t\t<section class=\"elementor-section elementor-top-section elementor-element elementor-element-2b24cef8 elementor-section-boxed elementor-section-height-default elementor-section-height-default\" data-id=\"2b24cef8\" data-element_type=\"section\" data-e-type=\"section\">\n\t\t\t\t\t\t<div class=\"elementor-container elementor-column-gap-default\">\n\t\t\t\t\t<div class=\"elementor-column elementor-col-100 elementor-top-column elementor-element elementor-element-2940881\" data-id=\"2940881\" data-element_type=\"column\" data-e-type=\"column\">\n\t\t\t<div class=\"elementor-widget-wrap elementor-element-populated\">\n\t\t\t\t\t\t<div class=\"elementor-element elementor-element-3674bdc7 elementor-invisible elementor-widget elementor-widget-image\" data-id=\"3674bdc7\" data-element_type=\"widget\" data-e-type=\"widget\" data-settings=\"{&quot;_animation&quot;:&quot;zoomIn&quot;}\" data-widget_type=\"image.default\">\n\t\t\t\t<div class=\"elementor-widget-container\">\n\t\t\t\t\t\t\t\t\t\t\t\t\t\t\t<img fetchpriority=\"high\" decoding=\"async\" width=\"288\" height=\"288\" src=\"https:\/\/museuestampacio.pdm.cat\/wp-content\/uploads\/2020\/12\/fig_4-museu-estampacio.png\" class=\"attachment-full size-full wp-image-1659\" alt=\"\" srcset=\"https:\/\/museuestampacio.pdm.cat\/wp-content\/uploads\/2020\/12\/fig_4-museu-estampacio.png 288w, https:\/\/museuestampacio.pdm.cat\/wp-content\/uploads\/2020\/12\/fig_4-museu-estampacio-150x150.png 150w\" sizes=\"(max-width: 288px) 100vw, 288px\" \/>\t\t\t\t\t\t\t\t\t\t\t\t\t\t\t<\/div>\n\t\t\t\t<\/div>\n\t\t\t\t\t<\/div>\n\t\t<\/div>\n\t\t\t\t\t<\/div>\n\t\t<\/section>\n\t\t\t\t<section class=\"elementor-section elementor-top-section elementor-element elementor-element-5730c325 elementor-section-boxed elementor-section-height-default elementor-section-height-default\" data-id=\"5730c325\" data-element_type=\"section\" data-e-type=\"section\">\n\t\t\t\t\t\t<div class=\"elementor-container elementor-column-gap-default\">\n\t\t\t\t\t<div class=\"elementor-column elementor-col-50 elementor-top-column elementor-element elementor-element-3a24096a\" data-id=\"3a24096a\" data-element_type=\"column\" data-e-type=\"column\">\n\t\t\t<div class=\"elementor-widget-wrap elementor-element-populated\">\n\t\t\t\t\t\t<div class=\"elementor-element elementor-element-3944b09c elementor-widget elementor-widget-heading\" data-id=\"3944b09c\" data-element_type=\"widget\" data-e-type=\"widget\" data-widget_type=\"heading.default\">\n\t\t\t\t<div class=\"elementor-widget-container\">\n\t\t\t\t\t<h2 class=\"elementor-heading-title elementor-size-default\">Un poco de historia\n<\/h2>\t\t\t\t<\/div>\n\t\t\t\t<\/div>\n\t\t\t\t<div class=\"elementor-element elementor-element-74c24757 elementor-widget elementor-widget-text-editor\" data-id=\"74c24757\" data-element_type=\"widget\" data-e-type=\"widget\" data-widget_type=\"text-editor.default\">\n\t\t\t\t<div class=\"elementor-widget-container\">\n\t\t\t\t\t\t\t\t\t<p>El Museo inicia su actividad con anterioridad al a\u00f1o 1979, fecha en que pas\u00f3 a ser municipal y se aprobaron los estatutos. Hab\u00eda sido promovido por la entidad Asociaci\u00f3n de Estudios Cient\u00edficos y Culturales de Premi\u00e0 de Mar (AECC), que la hab\u00eda acogido en las dependencias de la calle \u00c0ngel Guimer\u00e0.<\/p><p>La sede del Museo se estableci\u00f3 en la Mas\u00eda de Can Manent, de propiedad municipal. En 1986 se inaugur\u00f3 definitivamente como museo con exposici\u00f3n permanente abierta al p\u00fablico. En 1983 entr\u00f3 a formar parte de la Red de Museos Locales y Comarcales de la Diputaci\u00f3n de Barcelona, \u200b\u200by en 1999 se vincul\u00f3 al Sistema Territorial del Museo Nacional de la Ciencia y la T\u00e9cnica de Catalu\u00f1a. En 1996 pas\u00f3 a ser museo registrado de la Generalidad de Catalu\u00f1a, con el n\u00famero 10.<\/p><p>Hacia finales del siglo XX, se dio un impulso importante al Museo. Se rehabilit\u00f3 la antigua F\u00e1brica del Gas como nueva sede del museo, con unas instalaciones m\u00e1s amplias y accesibles. El 14 de abril del 2002 se inauguraba la rehabilitada F\u00e1brica del Gas.<\/p><p>Actualmente, el Museo tiene la funci\u00f3n de preservar las colecciones, difundirlas y estudiarlas, y ha desarrollado una tarea paralela en el obrador del Museo, centrado en la did\u00e1ctica de la estampaci\u00f3n, la recuperaci\u00f3n de t\u00e9cnicas tradicionales y el fomento de la sostenibilidad en el textil.<\/p>\t\t\t\t\t\t\t\t<\/div>\n\t\t\t\t<\/div>\n\t\t\t\t\t<\/div>\n\t\t<\/div>\n\t\t\t\t<div class=\"elementor-column elementor-col-50 elementor-top-column elementor-element elementor-element-60a0492c\" data-id=\"60a0492c\" data-element_type=\"column\" data-e-type=\"column\">\n\t\t\t<div class=\"elementor-widget-wrap elementor-element-populated\">\n\t\t\t\t\t\t<div class=\"elementor-element elementor-element-1c83e44d animated-slow elementor-invisible elementor-widget elementor-widget-image\" data-id=\"1c83e44d\" data-element_type=\"widget\" data-e-type=\"widget\" data-settings=\"{&quot;_animation&quot;:&quot;fadeIn&quot;,&quot;_animation_delay&quot;:1000}\" data-widget_type=\"image.default\">\n\t\t\t\t<div class=\"elementor-widget-container\">\n\t\t\t\t\t\t\t\t\t\t\t\t\t\t\t\t<a href=\"https:\/\/museuestampacio.pdm.cat\/wp-content\/uploads\/2020\/12\/historia-edifici-1-museu-estampacio.jpg\" data-elementor-open-lightbox=\"yes\" data-e-action-hash=\"#elementor-action%3Aaction%3Dlightbox%26settings%3DeyJpZCI6MTc4NiwidXJsIjoiaHR0cHM6XC9cL211c2V1ZXN0YW1wYWNpby5wZG0uY2F0XC93cC1jb250ZW50XC91cGxvYWRzXC8yMDIwXC8xMlwvaGlzdG9yaWEtZWRpZmljaS0xLW11c2V1LWVzdGFtcGFjaW8uanBnIn0%3D\">\n\t\t\t\t\t\t\t<img decoding=\"async\" width=\"900\" height=\"576\" src=\"https:\/\/museuestampacio.pdm.cat\/wp-content\/uploads\/2020\/12\/historia-edifici-1-museu-estampacio.jpg\" class=\"attachment-large size-large wp-image-1786\" alt=\"\" srcset=\"https:\/\/museuestampacio.pdm.cat\/wp-content\/uploads\/2020\/12\/historia-edifici-1-museu-estampacio.jpg 900w, https:\/\/museuestampacio.pdm.cat\/wp-content\/uploads\/2020\/12\/historia-edifici-1-museu-estampacio-300x192.jpg 300w, https:\/\/museuestampacio.pdm.cat\/wp-content\/uploads\/2020\/12\/historia-edifici-1-museu-estampacio-768x492.jpg 768w\" sizes=\"(max-width: 900px) 100vw, 900px\" \/>\t\t\t\t\t\t\t\t<\/a>\n\t\t\t\t\t\t\t\t\t\t\t\t\t\t\t<\/div>\n\t\t\t\t<\/div>\n\t\t\t\t<div class=\"elementor-element elementor-element-196193f3 animated-slow elementor-invisible elementor-widget elementor-widget-image\" data-id=\"196193f3\" data-element_type=\"widget\" data-e-type=\"widget\" data-settings=\"{&quot;_animation&quot;:&quot;fadeIn&quot;}\" data-widget_type=\"image.default\">\n\t\t\t\t<div class=\"elementor-widget-container\">\n\t\t\t\t\t\t\t\t\t\t\t\t\t\t\t\t<a href=\"https:\/\/museuestampacio.pdm.cat\/wp-content\/uploads\/2020\/12\/historia-edifici-2-museu-estampacio.jpg\" data-elementor-open-lightbox=\"yes\" data-e-action-hash=\"#elementor-action%3Aaction%3Dlightbox%26settings%3DeyJpZCI6MTc4NSwidXJsIjoiaHR0cHM6XC9cL211c2V1ZXN0YW1wYWNpby5wZG0uY2F0XC93cC1jb250ZW50XC91cGxvYWRzXC8yMDIwXC8xMlwvaGlzdG9yaWEtZWRpZmljaS0yLW11c2V1LWVzdGFtcGFjaW8uanBnIn0%3D\">\n\t\t\t\t\t\t\t<img decoding=\"async\" width=\"900\" height=\"576\" src=\"https:\/\/museuestampacio.pdm.cat\/wp-content\/uploads\/2020\/12\/historia-edifici-2-museu-estampacio.jpg\" class=\"attachment-large size-large wp-image-1785\" alt=\"\" srcset=\"https:\/\/museuestampacio.pdm.cat\/wp-content\/uploads\/2020\/12\/historia-edifici-2-museu-estampacio.jpg 900w, https:\/\/museuestampacio.pdm.cat\/wp-content\/uploads\/2020\/12\/historia-edifici-2-museu-estampacio-300x192.jpg 300w, https:\/\/museuestampacio.pdm.cat\/wp-content\/uploads\/2020\/12\/historia-edifici-2-museu-estampacio-768x492.jpg 768w\" sizes=\"(max-width: 900px) 100vw, 900px\" \/>\t\t\t\t\t\t\t\t<\/a>\n\t\t\t\t\t\t\t\t\t\t\t\t\t\t\t<\/div>\n\t\t\t\t<\/div>\n\t\t\t\t\t<\/div>\n\t\t<\/div>\n\t\t\t\t\t<\/div>\n\t\t<\/section>\n\t\t\t\t<section class=\"elementor-section elementor-top-section elementor-element elementor-element-257b6305 elementor-section-boxed elementor-section-height-default elementor-section-height-default\" data-id=\"257b6305\" data-element_type=\"section\" data-e-type=\"section\">\n\t\t\t\t\t\t<div class=\"elementor-container elementor-column-gap-default\">\n\t\t\t\t\t<div class=\"elementor-column elementor-col-100 elementor-top-column elementor-element elementor-element-5afe39d6\" data-id=\"5afe39d6\" data-element_type=\"column\" data-e-type=\"column\">\n\t\t\t<div class=\"elementor-widget-wrap elementor-element-populated\">\n\t\t\t\t\t\t<div class=\"elementor-element elementor-element-74db745e elementor-widget-divider--view-line elementor-widget elementor-widget-divider\" data-id=\"74db745e\" data-element_type=\"widget\" data-e-type=\"widget\" data-widget_type=\"divider.default\">\n\t\t\t\t<div class=\"elementor-widget-container\">\n\t\t\t\t\t\t\t<div class=\"elementor-divider\">\n\t\t\t<span class=\"elementor-divider-separator\">\n\t\t\t\t\t\t<\/span>\n\t\t<\/div>\n\t\t\t\t\t\t<\/div>\n\t\t\t\t<\/div>\n\t\t\t\t\t<\/div>\n\t\t<\/div>\n\t\t\t\t\t<\/div>\n\t\t<\/section>\n\t\t\t\t<section class=\"elementor-section elementor-top-section elementor-element elementor-element-61321384 elementor-section-boxed elementor-section-height-default elementor-section-height-default\" data-id=\"61321384\" data-element_type=\"section\" data-e-type=\"section\">\n\t\t\t\t\t\t<div class=\"elementor-container elementor-column-gap-default\">\n\t\t\t\t\t<div class=\"elementor-column elementor-col-50 elementor-top-column elementor-element elementor-element-62750cd1\" data-id=\"62750cd1\" data-element_type=\"column\" data-e-type=\"column\">\n\t\t\t<div class=\"elementor-widget-wrap elementor-element-populated\">\n\t\t\t\t\t\t<div class=\"elementor-element elementor-element-3128ed11 elementor-widget elementor-widget-heading\" data-id=\"3128ed11\" data-element_type=\"widget\" data-e-type=\"widget\" data-widget_type=\"heading.default\">\n\t\t\t\t<div class=\"elementor-widget-container\">\n\t\t\t\t\t<h2 class=\"elementor-heading-title elementor-size-default\">Un edificio singular\n<\/h2>\t\t\t\t<\/div>\n\t\t\t\t<\/div>\n\t\t\t\t<div class=\"elementor-element elementor-element-42bc56c3 elementor-widget elementor-widget-text-editor\" data-id=\"42bc56c3\" data-element_type=\"widget\" data-e-type=\"widget\" data-widget_type=\"text-editor.default\">\n\t\t\t\t<div class=\"elementor-widget-container\">\n\t\t\t\t\t\t\t\t\t<p>El Museo de Estampaci\u00f3n de Premi\u00e0 de Mar tiene su sede en la antigua f\u00e1brica del gas de Premi\u00e0 de Mar. La F\u00e1brica del Gas es un edificio construido en 1884, de estilo de transici\u00f3n entre el neocl\u00e1sico y el modernismo industrial, y el a\u00f1o 2000, cuando se inici\u00f3 su rehabilitaci\u00f3n, era la \u00fanica f\u00e1brica de gas de hulla que quedaba de pie en Catalunya. A\u00fan conservaba la estructura que hab\u00eda tenido desde el momento de su creaci\u00f3n, excepto los hornos que hab\u00eda habido en el centro del patio, que hab\u00edan sido desmantelados.<\/p><p>\u00a0<\/p><p>La nave 1, actualmente ocupada por las oficinas de Promoci\u00f3n Econ\u00f3mica de la ciudad, era la vivienda del director, tal como se estilaba en las f\u00e1bricas del siglo XIX. Las naves 3 y 4, actualmente ocupadas por el Museo, eran porticadas y estaban destinadas a tratar el proceso de purificaci\u00f3n del gas y dep\u00f3sito del carb\u00f3n y sus clasificaciones. Los dep\u00f3sitos para almacenar el gas estaban en la parte alta del recinto. En la sala de exposiciones temporales a\u00fan se conserva un antiguo regulador de gas, que estaba a la entrada del pueblo de Premi\u00e0 de Dalt.<\/p><p>\u00a0<\/p><p>Pod\u00e9is encontrar m\u00e1s informaci\u00f3n de La F\u00e0brica del Gas en la web Patrimoni de Premi\u00e0 de Mar https:\/\/patrimoni.pdm.cat\/<\/p>\t\t\t\t\t\t\t\t<\/div>\n\t\t\t\t<\/div>\n\t\t\t\t\t<\/div>\n\t\t<\/div>\n\t\t\t\t<div class=\"elementor-column elementor-col-50 elementor-top-column elementor-element elementor-element-59abce4d\" data-id=\"59abce4d\" data-element_type=\"column\" data-e-type=\"column\">\n\t\t\t<div class=\"elementor-widget-wrap elementor-element-populated\">\n\t\t\t\t\t\t<div class=\"elementor-element elementor-element-2fcdf6c0 animated-slow elementor-invisible elementor-widget elementor-widget-image\" data-id=\"2fcdf6c0\" data-element_type=\"widget\" data-e-type=\"widget\" data-settings=\"{&quot;_animation&quot;:&quot;fadeIn&quot;}\" data-widget_type=\"image.default\">\n\t\t\t\t<div class=\"elementor-widget-container\">\n\t\t\t\t\t\t\t\t\t\t\t\t\t\t\t\t<a href=\"https:\/\/museuestampacio.pdm.cat\/wp-content\/uploads\/2020\/12\/historia-edifici-3-museu-estampacio.jpg\" data-elementor-open-lightbox=\"yes\" data-e-action-hash=\"#elementor-action%3Aaction%3Dlightbox%26settings%3DeyJpZCI6MTc4NCwidXJsIjoiaHR0cHM6XC9cL211c2V1ZXN0YW1wYWNpby5wZG0uY2F0XC93cC1jb250ZW50XC91cGxvYWRzXC8yMDIwXC8xMlwvaGlzdG9yaWEtZWRpZmljaS0zLW11c2V1LWVzdGFtcGFjaW8uanBnIn0%3D\">\n\t\t\t\t\t\t\t<img loading=\"lazy\" decoding=\"async\" width=\"900\" height=\"576\" src=\"https:\/\/museuestampacio.pdm.cat\/wp-content\/uploads\/2020\/12\/historia-edifici-3-museu-estampacio.jpg\" class=\"attachment-large size-large wp-image-1784\" alt=\"\" srcset=\"https:\/\/museuestampacio.pdm.cat\/wp-content\/uploads\/2020\/12\/historia-edifici-3-museu-estampacio.jpg 900w, https:\/\/museuestampacio.pdm.cat\/wp-content\/uploads\/2020\/12\/historia-edifici-3-museu-estampacio-300x192.jpg 300w, https:\/\/museuestampacio.pdm.cat\/wp-content\/uploads\/2020\/12\/historia-edifici-3-museu-estampacio-768x492.jpg 768w\" sizes=\"(max-width: 900px) 100vw, 900px\" \/>\t\t\t\t\t\t\t\t<\/a>\n\t\t\t\t\t\t\t\t\t\t\t\t\t\t\t<\/div>\n\t\t\t\t<\/div>\n\t\t\t\t<div class=\"elementor-element elementor-element-667366d6 animated-slow elementor-invisible elementor-widget elementor-widget-image\" data-id=\"667366d6\" data-element_type=\"widget\" data-e-type=\"widget\" data-settings=\"{&quot;_animation&quot;:&quot;fadeIn&quot;}\" data-widget_type=\"image.default\">\n\t\t\t\t<div class=\"elementor-widget-container\">\n\t\t\t\t\t\t\t\t\t\t\t\t\t\t\t\t<a href=\"https:\/\/museuestampacio.pdm.cat\/wp-content\/uploads\/2020\/12\/historia-edifici-4-museu-estampacio.jpg\" data-elementor-open-lightbox=\"yes\" data-e-action-hash=\"#elementor-action%3Aaction%3Dlightbox%26settings%3DeyJpZCI6MTc4NywidXJsIjoiaHR0cHM6XC9cL211c2V1ZXN0YW1wYWNpby5wZG0uY2F0XC93cC1jb250ZW50XC91cGxvYWRzXC8yMDIwXC8xMlwvaGlzdG9yaWEtZWRpZmljaS00LW11c2V1LWVzdGFtcGFjaW8uanBnIn0%3D\">\n\t\t\t\t\t\t\t<img loading=\"lazy\" decoding=\"async\" width=\"900\" height=\"576\" src=\"https:\/\/museuestampacio.pdm.cat\/wp-content\/uploads\/2020\/12\/historia-edifici-4-museu-estampacio.jpg\" class=\"attachment-large size-large wp-image-1787\" alt=\"\" srcset=\"https:\/\/museuestampacio.pdm.cat\/wp-content\/uploads\/2020\/12\/historia-edifici-4-museu-estampacio.jpg 900w, https:\/\/museuestampacio.pdm.cat\/wp-content\/uploads\/2020\/12\/historia-edifici-4-museu-estampacio-300x192.jpg 300w, https:\/\/museuestampacio.pdm.cat\/wp-content\/uploads\/2020\/12\/historia-edifici-4-museu-estampacio-768x492.jpg 768w\" sizes=\"(max-width: 900px) 100vw, 900px\" \/>\t\t\t\t\t\t\t\t<\/a>\n\t\t\t\t\t\t\t\t\t\t\t\t\t\t\t<\/div>\n\t\t\t\t<\/div>\n\t\t\t\t\t<\/div>\n\t\t<\/div>\n\t\t\t\t\t<\/div>\n\t\t<\/section>\n\t\t\t\t<section class=\"elementor-section elementor-top-section elementor-element elementor-element-7288334c elementor-section-full_width elementor-section-height-default elementor-section-height-default\" data-id=\"7288334c\" data-element_type=\"section\" data-e-type=\"section\">\n\t\t\t\t\t\t<div class=\"elementor-container elementor-column-gap-default\">\n\t\t\t\t\t<div class=\"elementor-column elementor-col-100 elementor-top-column elementor-element elementor-element-e4a87f9\" data-id=\"e4a87f9\" data-element_type=\"column\" data-e-type=\"column\">\n\t\t\t<div class=\"elementor-widget-wrap elementor-element-populated\">\n\t\t\t\t\t\t<div class=\"elementor-element elementor-element-6f81b34e elementor-widget elementor-widget-image\" data-id=\"6f81b34e\" data-element_type=\"widget\" data-e-type=\"widget\" data-widget_type=\"image.default\">\n\t\t\t\t<div class=\"elementor-widget-container\">\n\t\t\t\t\t\t\t\t\t\t\t\t\t\t\t<img loading=\"lazy\" decoding=\"async\" width=\"2000\" height=\"400\" src=\"https:\/\/museuestampacio.pdm.cat\/wp-content\/uploads\/2020\/12\/f-fig.-4.jpg\" class=\"attachment-full size-full wp-image-1719\" alt=\"\" srcset=\"https:\/\/museuestampacio.pdm.cat\/wp-content\/uploads\/2020\/12\/f-fig.-4.jpg 2000w, https:\/\/museuestampacio.pdm.cat\/wp-content\/uploads\/2020\/12\/f-fig.-4-300x60.jpg 300w, https:\/\/museuestampacio.pdm.cat\/wp-content\/uploads\/2020\/12\/f-fig.-4-1024x205.jpg 1024w, https:\/\/museuestampacio.pdm.cat\/wp-content\/uploads\/2020\/12\/f-fig.-4-768x154.jpg 768w, https:\/\/museuestampacio.pdm.cat\/wp-content\/uploads\/2020\/12\/f-fig.-4-1536x307.jpg 1536w\" sizes=\"(max-width: 2000px) 100vw, 2000px\" \/>\t\t\t\t\t\t\t\t\t\t\t\t\t\t\t<\/div>\n\t\t\t\t<\/div>\n\t\t\t\t\t<\/div>\n\t\t<\/div>\n\t\t\t\t\t<\/div>\n\t\t<\/section>\n\t\t\t\t<\/div>\n\t\t","protected":false},"excerpt":{"rendered":"<p>Un poco de historia El Museo inicia su actividad con anterioridad al a\u00f1o 1979, fecha en que pas\u00f3 a ser municipal y se aprobaron los estatutos. Hab\u00eda sido promovido por la entidad Asociaci\u00f3n de Estudios Cient\u00edficos y Culturales de Premi\u00e0 de Mar (AECC), que la hab\u00eda acogido en las dependencias de la calle \u00c0ngel Guimer\u00e0. &#8230; <a title=\"Historia del edificio (F\u00e0brica del Gas)\" class=\"read-more\" href=\"https:\/\/museuestampacio.pdm.cat\/es\/historia-del-edificio-fabrica-del-gas\/\" aria-label=\"Leer m\u00e1s sobre Historia del edificio (F\u00e0brica del Gas)\">Leer m\u00e1s<\/a><\/p>\n","protected":false},"author":2,"featured_media":0,"parent":0,"menu_order":0,"comment_status":"closed","ping_status":"closed","template":"elementor_header_footer","meta":{"footnotes":""},"class_list":["post-1965","page","type-page","status-publish"],"_links":{"self":[{"href":"https:\/\/museuestampacio.pdm.cat\/es\/wp-json\/wp\/v2\/pages\/1965","targetHints":{"allow":["GET"]}}],"collection":[{"href":"https:\/\/museuestampacio.pdm.cat\/es\/wp-json\/wp\/v2\/pages"}],"about":[{"href":"https:\/\/museuestampacio.pdm.cat\/es\/wp-json\/wp\/v2\/types\/page"}],"author":[{"embeddable":true,"href":"https:\/\/museuestampacio.pdm.cat\/es\/wp-json\/wp\/v2\/users\/2"}],"replies":[{"embeddable":true,"href":"https:\/\/museuestampacio.pdm.cat\/es\/wp-json\/wp\/v2\/comments?post=1965"}],"version-history":[{"count":10,"href":"https:\/\/museuestampacio.pdm.cat\/es\/wp-json\/wp\/v2\/pages\/1965\/revisions"}],"predecessor-version":[{"id":2464,"href":"https:\/\/museuestampacio.pdm.cat\/es\/wp-json\/wp\/v2\/pages\/1965\/revisions\/2464"}],"wp:attachment":[{"href":"https:\/\/museuestampacio.pdm.cat\/es\/wp-json\/wp\/v2\/media?parent=1965"}],"curies":[{"name":"wp","href":"https:\/\/api.w.org\/{rel}","templated":true}]}}